{"id":2297,"date":"2018-11-06T14:07:35","date_gmt":"2018-11-06T14:07:35","guid":{"rendered":"http:\/\/veda.polac.cz\/?page_id=2297"},"modified":"2019-04-23T21:26:54","modified_gmt":"2019-04-23T21:26:54","slug":"01-2000","status":"publish","type":"page","link":"https:\/\/veda.polac.cz\/?page_id=2297&lang=en","title":{"rendered":"01\/2000"},"content":{"rendered":"<p><strong>European Space for University Education<\/strong><br \/>\ndoc. Ing. Hana Barto\u0161ov\u00e1, CSc.<\/p>\n<hr \/>\n<p><strong>Postmodern situation and Law Renaissance of the World of Justice<\/strong><br \/>\nJUDr. Ji\u0159\u00ed Kratochv\u00edl<\/p>\n<hr \/>\n<p><strong>To Some of the Problems of Bureaucracy and Bureaucratism\u00a0<\/strong><br \/>\nPhDr. Miroslav Blahout<\/p>\n<hr \/>\n<p><strong>The Choice of Police Profession (A reseach report)<\/strong><br \/>\ndoc. PhDr. Ji\u0159\u00ed V\u00ed\u0161ek, CSc.<\/p>\n<hr \/>\n<p><strong>Professional Integration of Graduates from the Police Academy of the Czech Republic<\/strong><br \/>\ndoc. PhDr. Zden\u011bk Rozum, CSc.<\/p>\n<hr \/>\n<p><strong>Extremism\u00a0<\/strong><br \/>\nDr. \u0160tefan Danics, PhD.<\/p>\n<hr \/>\n<p><strong>Extremism &#8211; a social phenomenon of many faces\u00a0<\/strong><br \/>\nLuk\u00e1\u0161 Urban<\/p>\n<hr \/>\n<p><strong>Legal Regulations Commercial Security Service in France<\/strong><br \/>\nPaedDr. Franti\u0161ek Nov\u00e1k<\/p>\n<hr \/>\n<p><strong>Private Security Agencies. (The New Draft Bill Being Discussed)\u00a0<\/strong><br \/>\nPaedDr. Franti\u0161ek Nov\u00e1k<\/p>\n<hr \/>\n<p><strong>Reviktimisation<\/strong><br \/>\ndoc. PhDr. Ludmila \u010c\u00edrtkov\u00e1, CSc.<\/p>\n<hr \/>\n<p><strong>Car Identification as an Integral Part of Forensic Engineering<\/strong><br \/>\nprof. JUDr. Ing. Viktor\u00a0 Porada, DrSc., ing. Martin Pajer , ing. Roman Rak<\/p>\n<hr \/>\n<p><strong>Biomechanical Content of Fragments of a Plantogram<\/strong><br \/>\ndoc. PhDr. Ji\u0159\u00ed Straus, CSc.<\/p>\n<hr \/>\n<p><strong>The Alert Plan in the Brutal Bullying Burst<\/strong><br \/>\nDr. Michal Kol\u00e1\u0159<\/p>\n<hr \/>\n<p><strong>The review of Jan Buzalka`s book The Development of the Attitude towards Education and Preparation of the Inhabitants for Civil Defence in the Slovak Republic..<\/strong><br \/>\ndoc. PhDr. Ji\u0159\u00ed V\u00ed\u0161ek, CSc.<\/p>\n<hr \/>\n<p><strong>The review of a publication: Porada, V. Road Accidents in the Police Theory and Practice.\u00a0.\u00a0<\/strong><br \/>\ndoc. PhDr. Ji\u0159\u00ed Straus, CSc.<\/p>\n<hr \/>\n<p><a href=\"https:\/\/veda.polac.cz\/?page_id=1987&amp;lang=en\">Back<\/a><\/p>\n","protected":false},"excerpt":{"rendered":"<p>European Space for University Education doc. Ing. Hana Barto\u0161ov\u00e1, CSc. Postmodern situation and Law Renaissance of the World of Justice JUDr. Ji\u0159\u00ed Kratochv\u00edl To Some of the Problems of Bureaucracy and Bureaucratism\u00a0 PhDr. Miroslav Blahout The Choice of Police Profession (A reseach report) doc. PhDr. Ji\u0159\u00ed V\u00ed\u0161ek, CSc. Professional Integration of Graduates from the Police [&hellip;]<\/p>\n","protected":false},"author":2,"featured_media":0,"parent":1987,"menu_order":80,"comment_status":"closed","ping_status":"closed","template":"","meta":{"footnotes":""},"class_list":["post-2297","page","type-page","status-publish","hentry"],"_links":{"self":[{"href":"https:\/\/veda.polac.cz\/index.php?rest_route=\/wp\/v2\/pages\/2297","targetHints":{"allow":["GET"]}}],"collection":[{"href":"https:\/\/veda.polac.cz\/index.php?rest_route=\/wp\/v2\/pages"}],"about":[{"href":"https:\/\/veda.polac.cz\/index.php?rest_route=\/wp\/v2\/types\/page"}],"author":[{"embeddable":true,"href":"https:\/\/veda.polac.cz\/index.php?rest_route=\/wp\/v2\/users\/2"}],"replies":[{"embeddable":true,"href":"https:\/\/veda.polac.cz\/index.php?rest_route=%2Fwp%2Fv2%2Fcomments&post=2297"}],"version-history":[{"count":2,"href":"https:\/\/veda.polac.cz\/index.php?rest_route=\/wp\/v2\/pages\/2297\/revisions"}],"predecessor-version":[{"id":4498,"href":"https:\/\/veda.polac.cz\/index.php?rest_route=\/wp\/v2\/pages\/2297\/revisions\/4498"}],"up":[{"embeddable":true,"href":"https:\/\/veda.polac.cz\/index.php?rest_route=\/wp\/v2\/pages\/1987"}],"wp:attachment":[{"href":"https:\/\/veda.polac.cz\/index.php?rest_route=%2Fwp%2Fv2%2Fmedia&parent=2297"}],"curies":[{"name":"wp","href":"https:\/\/api.w.org\/{rel}","templated":true}]}}