{"id":2008,"date":"2018-10-27T23:23:41","date_gmt":"2018-10-27T23:23:41","guid":{"rendered":"http:\/\/veda.polac.cz\/?page_id=2008"},"modified":"2019-04-25T02:17:02","modified_gmt":"2019-04-25T02:17:02","slug":"03-2017","status":"publish","type":"page","link":"https:\/\/veda.polac.cz\/?page_id=2008&lang=en","title":{"rendered":"03\/2017"},"content":{"rendered":"<p><a href=\"https:\/\/veda.polac.cz\/?page_id=3481&amp;lang=en\"><strong>Graphical Extremist Symbols in Public Space\u00a0<\/strong><\/a><br \/>\npplk. PhDr. Barbora Vegrichtov\u00e1, Ph.D., MBA, Police Academy of Czech Republic in Prague,<br \/>\nFaculty of Security and Law, Department of Criminal Police<\/p>\n<p><a href=\"https:\/\/veda.polac.cz\/wp-content\/uploads\/2019\/04\/032017Grafick\u00e1-extremistick\u00e1-symbolika-na-ve\u0159ejn\u00e9m-prostranstv\u00ed1.pdf\">Download in czech language (pdf format)<\/a><\/p>\n<hr \/>\n<p><a href=\"https:\/\/veda.polac.cz\/?page_id=3483&amp;lang=en\"><strong>Electronic Monitoring in the Future &#8211; Some Findings From the Survey Among Judges and Prosecutors\u00a0<\/strong><\/a><br \/>\nJUDr. Simona Dibl\u00edkov\u00e1, Institute for Criminology and Social Prevention<\/p>\n<p><a href=\"https:\/\/veda.polac.cz\/wp-content\/uploads\/2019\/04\/032017Elektronick\u00fd-monitoring-do-budoucna-\u2013-vybran\u00e9-poznatky-z-ankety-mezi-soudci-a-st\u00e1tn\u00edmi-z\u00e1stupci.pdf\">Download in czech language (pdf format)<\/a><\/p>\n<hr \/>\n<p><a href=\"https:\/\/veda.polac.cz\/?page_id=3485&amp;lang=en\"><strong>Significant Challenges in Developing Critical Infrastructure Protection in the Czech Republic\u00a0<\/strong><\/a><br \/>\nPhDr. Petra Skalick\u00e1, Police Academy of Czech Republic in Prague,<br \/>\nFaculty of Security Management, Department of Crisis Management<\/p>\n<p><a href=\"https:\/\/veda.polac.cz\/wp-content\/uploads\/2019\/04\/032017Mo\u017enosti-rozvoje-ochrany-kritick\u00e9-infrastruktury-v-\u010cesk\u00e9-republice.pdf\">Download in czech language (pdf format)<\/a><\/p>\n<hr \/>\n<p><a href=\"https:\/\/veda.polac.cz\/?page_id=3487&amp;lang=en\"><strong>Criminal Legislaton of Juvenile Offenders in Terms of EU Law and Legislation in Slovak Republic\u00a0<\/strong><\/a><br \/>\nJUDr. Ladislav Bal\u00fan, mjr. JUDr. Daniela Benedekov\u00e1, PhD., Academy of the Police Force in Bratislava,<br \/>\nDepartment of Criminal Law<\/p>\n<p><a href=\"https:\/\/veda.polac.cz\/wp-content\/uploads\/2019\/04\/032017Trestnopr\u00e1vna-\u00faprava-mladistv\u00fdch-p\u00e1chate\u013eov-z-h\u013eadiska-pr\u00e1va-Eur\u00f3pskej-\u00fanie-a-pr\u00e1vnej-\u00fapravy-platnej-v-Slovenskej-republike.pdf\">Download in czech language (pdf format)<\/a><\/p>\n<hr \/>\n<p><a href=\"https:\/\/veda.polac.cz\/?page_id=3489&amp;lang=en\"><strong>Creating Scenario with Using Forces and Resources of the Czech Armed Forces in Case of a Terrorist Attack\u00a0<\/strong><\/a><br \/>\npplk. Ing. Janka Kosecov\u00e1, Ph.D., Ing. Roman Kop\u0159iva, University of Defense in Brno,<br \/>\nCenter for Security Military Strategic Studies<\/p>\n<p><a href=\"https:\/\/veda.polac.cz\/wp-content\/uploads\/2019\/04\/032017Tvorba-sc\u00e9n\u00e1\u0159e-pro-p\u0159\u00edpad-teroristick\u00e9ho-\u00fatoku-s-vyu\u017eit\u00edm-sil-a-prost\u0159edk\u016f-Arm\u00e1dy-\u010cesk\u00e9-republiky.pdf\">Download in czech language (pdf format)<\/a><\/p>\n<hr \/>\n<p><a href=\"https:\/\/veda.polac.cz\/?page_id=3491&amp;lang=en\"><strong>Theoretical Schools of International Relations and their Reflection in the Typologies of Strategic Approaches to Violent Nonstate Actors\u00a0<\/strong><\/a><br \/>\nMgr. Zden\u011bk Ludv\u00edk, Charles University in Prague,<br \/>\nFaculty of Social Sciences, Institute of Political Studies<\/p>\n<p><a href=\"https:\/\/veda.polac.cz\/wp-content\/uploads\/2019\/04\/032017Teoretick\u00e9-\u0161koly-mezin\u00e1rodn\u00edch-vztah\u016f-a-jejich-odraz-v-typologi\u00edch-strategick\u00fdch-p\u0159\u00edstup\u016f-proti-n\u00e1siln\u00fdm-nest\u00e1tn\u00edm-akt\u00e9r\u016fm.pdf\">Download in czech language (pdf format)<\/a><\/p>\n<hr \/>\n<p><a href=\"https:\/\/veda.polac.cz\/?page_id=3493&amp;lang=en\"><strong>Situational Prevention versus Protection of Personal Data\u00a0<\/strong><\/a><br \/>\nMgr. Vladim\u00edr Oliberius, Police Academy of Czech Republic in Prague<\/p>\n<p><a href=\"https:\/\/veda.polac.cz\/wp-content\/uploads\/2019\/04\/032017Situa\u010dn\u00ed-prevence-versus-ochrana-osobn\u00edch-\u00fadaj\u016f.pdf\">Download in czech language (pdf format)<\/a><\/p>\n<hr \/>\n<p><a href=\"https:\/\/veda.polac.cz\/?page_id=3495&amp;lang=en\"><strong>European Investigation Order, the new EU Instrument for Judicial Cooperation\u00a0<\/strong><\/a><br \/>\ndoc. JUDr. Bohumil Pikna, CSc., Metropolitan University of Prague,<br \/>\nDepartment of International Relations and European Studies<\/p>\n<p><a href=\"https:\/\/veda.polac.cz\/wp-content\/uploads\/2019\/04\/032017Evropsk\u00fd-vy\u0161et\u0159ovac\u00ed-p\u0159\u00edkaz-nov\u00fd-unijn\u00ed-n\u00e1stroj-justi\u010dn\u00ed-spolupr\u00e1ce.pdf\">Download in czech language (pdf format)<\/a><\/p>\n<hr \/>\n<p><strong>Personality and Psychological Resistance in various Types of Operation\u00a0<\/strong><br \/>\nPhDr. Jaroslav Dvorsk\u00fd, Ph.D., Charles University, Faculty of Physical Education and Sport, Prague,<br \/>\nDepartment of Technical and Combat Sports<\/p>\n<p><a href=\"https:\/\/veda.polac.cz\/wp-content\/uploads\/2019\/04\/032017Osobnost-jedince-a-psychick\u00e1-odolnost-v-r\u016fzn\u00fdch-typech-\u010dinnosti.pdf\">Download in czech language (pdf format)<\/a><\/p>\n<hr \/>\n<p><strong>Police Authority of the Prison Service of the Czech Republic &#8211; Theory and Practice\u00a0<\/strong><br \/>\nmjr. Mgr. Ond\u0159ej Kol\u00e1\u0159, Sv\u011btl\u00e1 nad S\u00e1zavou Prison, head of the Prevention and Complaints Department;<br \/>\nplk. Mgr. Tom\u00e1\u0161 Kub\u00edn, Director of Prison Odolov<\/p>\n<p><a href=\"https:\/\/veda.polac.cz\/wp-content\/uploads\/2019\/04\/032017Protipr\u00e1vn\u00ed-jedn\u00e1n\u00ed-v\u011bzn\u011bn\u00fdch-osob-a-role-Pov\u011b\u0159en\u00e9ho-org\u00e1nu-V\u011bze\u0148sk\u00e9-slu\u017eby-\u010cR.pdf\">Download in czech language (pdf format)<\/a><\/p>\n<hr \/>\n<p><a href=\"https:\/\/veda.polac.cz\/?page_id=1985&amp;lang=en\">Back<\/a><\/p>\n","protected":false},"excerpt":{"rendered":"<p>Graphical Extremist Symbols in Public Space\u00a0 pplk. PhDr. Barbora Vegrichtov\u00e1, Ph.D., MBA, Police Academy of Czech Republic in Prague, Faculty of Security and Law, Department of Criminal Police Download in czech language (pdf format) Electronic Monitoring in the Future &#8211; Some Findings From the Survey Among Judges and Prosecutors\u00a0 JUDr. Simona Dibl\u00edkov\u00e1, Institute for Criminology [&hellip;]<\/p>\n","protected":false},"author":2,"featured_media":0,"parent":1985,"menu_order":12,"comment_status":"closed","ping_status":"closed","template":"","meta":{"footnotes":""},"class_list":["post-2008","page","type-page","status-publish","hentry"],"_links":{"self":[{"href":"https:\/\/veda.polac.cz\/index.php?rest_route=\/wp\/v2\/pages\/2008","targetHints":{"allow":["GET"]}}],"collection":[{"href":"https:\/\/veda.polac.cz\/index.php?rest_route=\/wp\/v2\/pages"}],"about":[{"href":"https:\/\/veda.polac.cz\/index.php?rest_route=\/wp\/v2\/types\/page"}],"author":[{"embeddable":true,"href":"https:\/\/veda.polac.cz\/index.php?rest_route=\/wp\/v2\/users\/2"}],"replies":[{"embeddable":true,"href":"https:\/\/veda.polac.cz\/index.php?rest_route=%2Fwp%2Fv2%2Fcomments&post=2008"}],"version-history":[{"count":3,"href":"https:\/\/veda.polac.cz\/index.php?rest_route=\/wp\/v2\/pages\/2008\/revisions"}],"predecessor-version":[{"id":5362,"href":"https:\/\/veda.polac.cz\/index.php?rest_route=\/wp\/v2\/pages\/2008\/revisions\/5362"}],"up":[{"embeddable":true,"href":"https:\/\/veda.polac.cz\/index.php?rest_route=\/wp\/v2\/pages\/1985"}],"wp:attachment":[{"href":"https:\/\/veda.polac.cz\/index.php?rest_route=%2Fwp%2Fv2%2Fmedia&parent=2008"}],"curies":[{"name":"wp","href":"https:\/\/api.w.org\/{rel}","templated":true}]}}